{"id":317,"date":"2022-01-28T15:33:40","date_gmt":"2022-01-28T14:33:40","guid":{"rendered":"https:\/\/gracely.fr\/?page_id=317"},"modified":"2022-07-14T10:33:16","modified_gmt":"2022-07-14T08:33:16","slug":"kiffe-ta-race-le-livre","status":"publish","type":"page","link":"https:\/\/gracely.fr\/index.php\/livres\/kiffe-ta-race-le-livre\/","title":{"rendered":"Kiffe ta race, le livre"},"content":{"rendered":"<p>Kiffe ta race, le livre, est le prolongement de notre podcast cr\u00e9\u00e9 en 2018.<\/p>\n<p class=\"p1\"><em>Dans le prolongement de leur podcast aux 4 millions d\u2019\u00e9coutes &#8211; cr\u00e9\u00e9 en 2018 et produit par Binge Audio &#8211; Rokhaya Diallo et Grace Ly proposent un livre qui fait bouger les lignes et qui bouscule la r\u00e9flexion sans tabou.<\/em><\/p>\n<p class=\"p1\"><em>\u00ab\u00a0Tu viens d\u2019o\u00f9 vraiment ?\u00a0\u00bb, \u00ab\u00a0J\u2019aime les femmes exotiques\u00a0\u00bb, \u00ab\u00a0D\u00e9boulonner les statues ne va rien r\u00e9soudre !\u00a0\u00bb, \u00ab\u00a0L\u2019intersectionnalit\u00e9\u2000 divise le f\u00e9minisme\u00a0\u00bb, \u00ab\u00a0Cancel culture : on ne peut plus rien dire\u00a0\u00bb &#8230; Ces phrases Rokhaya et Grace y sont r\u00e9guli\u00e8rement confront\u00e9es. Partant de leur exp\u00e9rience, elles rassemblent, d\u00e9cortiquent et analysent des situations communes aux personnes qui subissent du racisme en France.<\/em><\/p>\n<p class=\"p1\"><em>Mais si les personnes vis\u00e9es en premier lieu par le racisme sont les plus qualifi\u00e9es et l\u00e9gitimes pour en d\u00e9crire les effets et d\u00e9terminer les moyens d\u2019action permettant la lutte antiraciste, nous n\u2019en sommes pas moins tous.tes concern\u00e9es \u00e0 diff\u00e9rents niveaux. Car le racisme est une question de soci\u00e9t\u00e9\u2000qui appelle une r\u00e9ponse et un engagement collectifs. S\u2019il affecte des individus, ce n\u2019est pas pour autant un probl\u00e8me individuel, ni celui de ses seules cibles, mais bien le reflet d\u2019un syst\u00e8me soci\u00e9tal global.<\/em><\/p>\n<p class=\"p1\"><em>\u2022 Quelles formes prend le racisme dans nos vies quotidiennes ?<\/em><\/p>\n<p class=\"p1\"><em>\u2022 Comment d\u00e9construire le racisme ?<\/em><\/p>\n<p class=\"p1\"><em>\u2022 Quels outils d\u00e9ployer face aux manifestations diverses du racisme ?<\/em><\/p>\n<p class=\"p1\"><em>\u2022 Comment construire un destin politique commun ?<\/em><\/p>\n<p class=\"p1\"><em>Ce sont autant d\u2019axes que Rokhaya Diallo et Grace Ly d\u00e9veloppent dans cet ouvrage, m\u00ealant la th\u00e9orie, leurs observations personnelles et intimes. Leur antiracisme n\u2019est pas moral mais politique : il est avant tout nourri par la volont\u00e9\u2000d\u2019oeuvrer en faveur de la justice sociale.<\/em><\/p>\n<p><a href=\"https:\/\/www.lisez.com\/livre-grand-format\/kiffe-ta-race\/9782412066409\">First \u00c9ditions<\/a>, 13 janvier 2022<\/p>\n<p><img loading=\"lazy\" class=\"size-full wp-image-318 aligncenter\" src=\"https:\/\/gracely.fr\/wp-content\/uploads\/2022\/01\/COUV_LivreKTR.png\" alt=\"\" width=\"538\" height=\"700\" srcset=\"https:\/\/gracely.fr\/wp-content\/uploads\/2022\/01\/COUV_LivreKTR.png 538w, https:\/\/gracely.fr\/wp-content\/uploads\/2022\/01\/COUV_LivreKTR-231x300.png 231w, https:\/\/gracely.fr\/wp-content\/uploads\/2022\/01\/COUV_LivreKTR-46x60.png 46w\" sizes=\"(max-width: 538px) 100vw, 538px\" \/><\/p>\n<p><img loading=\"lazy\" class=\"size-large wp-image-319 aligncenter\" src=\"https:\/\/gracely.fr\/wp-content\/uploads\/2022\/01\/Capture-de\u0301cran-2022-01-28-a\u0300-15.32.00-1024x353.png\" alt=\"\" width=\"780\" height=\"269\" srcset=\"https:\/\/gracely.fr\/wp-content\/uploads\/2022\/01\/Capture-de\u0301cran-2022-01-28-a\u0300-15.32.00-1024x353.png 1024w, https:\/\/gracely.fr\/wp-content\/uploads\/2022\/01\/Capture-de\u0301cran-2022-01-28-a\u0300-15.32.00-300x103.png 300w, https:\/\/gracely.fr\/wp-content\/uploads\/2022\/01\/Capture-de\u0301cran-2022-01-28-a\u0300-15.32.00-768x265.png 768w, https:\/\/gracely.fr\/wp-content\/uploads\/2022\/01\/Capture-de\u0301cran-2022-01-28-a\u0300-15.32.00-1536x529.png 1536w, https:\/\/gracely.fr\/wp-content\/uploads\/2022\/01\/Capture-de\u0301cran-2022-01-28-a\u0300-15.32.00-2048x706.png 2048w, https:\/\/gracely.fr\/wp-content\/uploads\/2022\/01\/Capture-de\u0301cran-2022-01-28-a\u0300-15.32.00-174x60.png 174w\" sizes=\"(max-width: 780px) 100vw, 780px\" \/><\/p>\n<p>&nbsp;<\/p>\n<p>&nbsp;<\/p>\n","protected":false},"excerpt":{"rendered":"<p>Kiffe ta race, le livre, est le prolongement de notre podcast cr\u00e9\u00e9 en 2018. Dans le prolongement de leur podcast aux 4 millions d\u2019\u00e9coutes &#8211; cr\u00e9\u00e9 en 2018 et produit par Binge Audio &#8211; Rokhaya Diallo et Grace Ly proposent un livre qui fait bouger les lignes et qui bouscule &hellip; <\/p>\n","protected":false},"author":1,"featured_media":328,"parent":330,"menu_order":0,"comment_status":"closed","ping_status":"closed","template":"","meta":[],"_links":{"self":[{"href":"https:\/\/gracely.fr\/index.php\/wp-json\/wp\/v2\/pages\/317"}],"collection":[{"href":"https:\/\/gracely.fr\/index.php\/wp-json\/wp\/v2\/pages"}],"about":[{"href":"https:\/\/gracely.fr\/index.php\/wp-json\/wp\/v2\/types\/page"}],"author":[{"embeddable":true,"href":"https:\/\/gracely.fr\/index.php\/wp-json\/wp\/v2\/users\/1"}],"replies":[{"embeddable":true,"href":"https:\/\/gracely.fr\/index.php\/wp-json\/wp\/v2\/comments?post=317"}],"version-history":[{"count":0,"href":"https:\/\/gracely.fr\/index.php\/wp-json\/wp\/v2\/pages\/317\/revisions"}],"up":[{"embeddable":true,"href":"https:\/\/gracely.fr\/index.php\/wp-json\/wp\/v2\/pages\/330"}],"wp:featuredmedia":[{"embeddable":true,"href":"https:\/\/gracely.fr\/index.php\/wp-json\/wp\/v2\/media\/328"}],"wp:attachment":[{"href":"https:\/\/gracely.fr\/index.php\/wp-json\/wp\/v2\/media?parent=317"}],"curies":[{"name":"wp","href":"https:\/\/api.w.org\/{rel}","templated":true}]}}