{"id":484,"date":"2025-12-17T19:14:05","date_gmt":"2025-12-17T18:14:05","guid":{"rendered":"https:\/\/gracely.fr\/?page_id=484"},"modified":"2026-02-08T16:49:17","modified_gmt":"2026-02-08T15:49:17","slug":"les-nouveaux-territoires","status":"publish","type":"page","link":"https:\/\/gracely.fr\/index.php\/livres\/les-nouveaux-territoires\/","title":{"rendered":"Les nouveaux territoires"},"content":{"rendered":"<p>\u00ab\u00a0Les nouveaux territoires\u00a0\u00bb est mon deuxi\u00e8me roman, paru le 11 f\u00e9vrier 2026 aux \u00e9ditions <a href=\"https:\/\/www.harpercollins.fr\/products\/les-nouveaux-territoires\/\">Harper Collins France<\/a>.<\/p>\n<p class=\"p1\"><em>Sam-Yut, jeune Fran\u00e7aise d&rsquo;origine asiatique, a grandi \u00e0 Belleville, au-dessus du pressing tenu par ses parents. Apr\u00e8s l&rsquo;obtention de son dipl\u00f4me, elle part travailler \u00e0 Hong Kong. Dans cette ville cosmopolite, carrefour des forces historiques de l&rsquo;Asie, elle d\u00e9couvre les soir\u00e9es mondaines et rencontre Nicolas, un expatri\u00e9 au charme irr\u00e9sistible. Mais, derri\u00e8re leurs nuits passionn\u00e9es et les journ\u00e9es qui s&rsquo;encha\u00eenent, une fracture s&rsquo;insinue, violente&#8230; Sam-Yut est-elle destin\u00e9e \u00e0 reproduire les r\u00e9cits d&rsquo;un monde o\u00f9 elle ne trouve pas sa place ?<\/em><\/p>\n<p>Commander le livre dans une librairie ind\u00e9pendante <a href=\"https:\/\/www.librairiesindependantes.com\/product\/9791033925798\/\">ici<\/a><\/p>\n<p><img loading=\"lazy\" class=\"alignnone wp-image-485\" src=\"https:\/\/gracely.fr\/wp-content\/uploads\/2025\/12\/LNT_COUV-680x1024.png\" alt=\"\" width=\"309\" height=\"465\" srcset=\"https:\/\/gracely.fr\/wp-content\/uploads\/2025\/12\/LNT_COUV-680x1024.png 680w, https:\/\/gracely.fr\/wp-content\/uploads\/2025\/12\/LNT_COUV-199x300.png 199w, https:\/\/gracely.fr\/wp-content\/uploads\/2025\/12\/LNT_COUV-768x1156.png 768w, https:\/\/gracely.fr\/wp-content\/uploads\/2025\/12\/LNT_COUV-40x60.png 40w, https:\/\/gracely.fr\/wp-content\/uploads\/2025\/12\/LNT_COUV.png 946w\" sizes=\"(max-width: 309px) 100vw, 309px\" \/><\/p>\n","protected":false},"excerpt":{"rendered":"<p>\u00ab\u00a0Les nouveaux territoires\u00a0\u00bb est mon deuxi\u00e8me roman, paru le 11 f\u00e9vrier 2026 aux \u00e9ditions Harper Collins France. Sam-Yut, jeune Fran\u00e7aise d&rsquo;origine asiatique, a grandi \u00e0 Belleville, au-dessus du pressing tenu par ses parents. Apr\u00e8s l&rsquo;obtention de son dipl\u00f4me, elle part travailler \u00e0 Hong Kong. Dans cette ville cosmopolite, carrefour des &hellip; <\/p>\n","protected":false},"author":1,"featured_media":487,"parent":330,"menu_order":0,"comment_status":"closed","ping_status":"closed","template":"","meta":[],"_links":{"self":[{"href":"https:\/\/gracely.fr\/index.php\/wp-json\/wp\/v2\/pages\/484"}],"collection":[{"href":"https:\/\/gracely.fr\/index.php\/wp-json\/wp\/v2\/pages"}],"about":[{"href":"https:\/\/gracely.fr\/index.php\/wp-json\/wp\/v2\/types\/page"}],"author":[{"embeddable":true,"href":"https:\/\/gracely.fr\/index.php\/wp-json\/wp\/v2\/users\/1"}],"replies":[{"embeddable":true,"href":"https:\/\/gracely.fr\/index.php\/wp-json\/wp\/v2\/comments?post=484"}],"version-history":[{"count":2,"href":"https:\/\/gracely.fr\/index.php\/wp-json\/wp\/v2\/pages\/484\/revisions"}],"predecessor-version":[{"id":498,"href":"https:\/\/gracely.fr\/index.php\/wp-json\/wp\/v2\/pages\/484\/revisions\/498"}],"up":[{"embeddable":true,"href":"https:\/\/gracely.fr\/index.php\/wp-json\/wp\/v2\/pages\/330"}],"wp:featuredmedia":[{"embeddable":true,"href":"https:\/\/gracely.fr\/index.php\/wp-json\/wp\/v2\/media\/487"}],"wp:attachment":[{"href":"https:\/\/gracely.fr\/index.php\/wp-json\/wp\/v2\/media?parent=484"}],"curies":[{"name":"wp","href":"https:\/\/api.w.org\/{rel}","templated":true}]}}